{"id":1203,"date":"2022-11-21T13:51:08","date_gmt":"2022-11-21T19:51:08","guid":{"rendered":"https:\/\/generation-e.ca\/?post_type=resources&#038;p=1203"},"modified":"2026-01-26T21:01:51","modified_gmt":"2026-01-27T03:01:51","slug":"specialistes-du-marketing-eco-energetique","status":"publish","type":"resources","link":"https:\/\/generation-e.ca\/fr\/ressources\/specialistes-du-marketing-eco-energetique\/","title":{"rendered":"Sp\u00e9cialistes du Marketing Eco-Energ\u00e9tique"},"content":{"rendered":"<p><div class=\"fusion-fullwidth fullwidth-box fusion-builder-row-1 fusion-flex-container has-pattern-background has-mask-background nonhundred-percent-fullwidth non-hundred-percent-height-scrolling\" style=\"--awb-border-radius-top-left:0px;--awb-border-radius-top-right:0px;--awb-border-radius-bottom-right:0px;--awb-border-radius-bottom-left:0px;--awb-padding-right:0px;--awb-padding-left:0px;--awb-flex-wrap:wrap;\" ><div class=\"fusion-builder-row fusion-row fusion-flex-align-items-flex-start fusion-flex-content-wrap\" style=\"max-width:1248px;margin-left: calc(-4% \/ 2 );margin-right: calc(-4% \/ 2 );\"><div class=\"fusion-layout-column fusion_builder_column fusion-builder-column-0 fusion_builder_column_1_1 1_1 fusion-flex-column\" style=\"--awb-bg-size:cover;--awb-width-large:100%;--awb-margin-top-large:0px;--awb-spacing-right-large:1.92%;--awb-margin-bottom-large:20px;--awb-spacing-left-large:1.92%;--awb-width-medium:100%;--awb-order-medium:0;--awb-spacing-right-medium:1.92%;--awb-spacing-left-medium:1.92%;--awb-width-small:100%;--awb-order-small:0;--awb-spacing-right-small:1.92%;--awb-spacing-left-small:1.92%;\"><div class=\"fusion-column-wrapper fusion-column-has-shadow fusion-flex-justify-content-flex-start fusion-content-layout-column\"><div class=\"fusion-text fusion-text-1\"><p>Parfois, nous avons besoin d\u2019un petit rappel pour \u00eatre conscients de notre consommation d\u2019\u00e9nergie. Dans cette activit\u00e9, les \u00e9l\u00e8ves r\u00e9fl\u00e9chiront aux diff\u00e9rents appareils m\u00e9nagers et dispositifs \u00e9lectroniques qui consomment de l\u2019\u00e9nergie. Apr\u00e8s la s\u00e9ance de remue-m\u00e9ninges, les \u00e9l\u00e8ves se diviseront en petits groupes, chacun se concentrant sur un appareil ou un dispositif \u00e9lectronique particulier. Les \u00e9l\u00e8ves cr\u00e9eront ensuite une campagne de marketing pour se rappeler qu\u2019ils doivent \u00eatre plus conscients des \u00e9conomies d\u2019\u00e9nergie. Ils pr\u00e9senteront ensuite leur campagne \u00e0 la classe.<\/p>\n<\/div><\/div><\/div><\/div><\/div><div class=\"fusion-fullwidth fullwidth-box fusion-builder-row-2 fusion-flex-container has-pattern-background has-mask-background nonhundred-percent-fullwidth non-hundred-percent-height-scrolling\" style=\"--awb-border-radius-top-left:0px;--awb-border-radius-top-right:0px;--awb-border-radius-bottom-right:0px;--awb-border-radius-bottom-left:0px;--awb-padding-right:0px;--awb-padding-left:0px;--awb-flex-wrap:wrap;\" ><div class=\"fusion-builder-row fusion-row fusion-flex-align-items-flex-start fusion-flex-content-wrap\" style=\"max-width:1248px;margin-left: calc(-4% \/ 2 );margin-right: calc(-4% \/ 2 );\"><div class=\"fusion-layout-column fusion_builder_column fusion-builder-column-1 fusion_builder_column_1_1 1_1 fusion-flex-column resource-download-area\" style=\"--awb-bg-size:cover;--awb-width-large:100%;--awb-margin-top-large:0px;--awb-spacing-right-large:1.92%;--awb-margin-bottom-large:20px;--awb-spacing-left-large:1.92%;--awb-width-medium:100%;--awb-order-medium:0;--awb-spacing-right-medium:1.92%;--awb-spacing-left-medium:1.92%;--awb-width-small:100%;--awb-order-small:0;--awb-spacing-right-small:1.92%;--awb-spacing-left-small:1.92%;\"><div class=\"fusion-column-wrapper fusion-column-has-shadow fusion-flex-justify-content-flex-start fusion-content-layout-column\"><div ><a class=\"fusion-button button-flat fusion-button-default-size button-custom fusion-button-default button-1 fusion-button-default-span fusion-button-default-type resource-download-button\" style=\"--button_accent_color:var(--awb-color1);--button_accent_hover_color:var(--awb-color1);--button_border_hover_color:var(--awb-color1);--button_gradient_top_color:var(--awb-custom_color_3);--button_gradient_bottom_color:var(--awb-custom_color_3);--button_gradient_top_color_hover:var(--awb-custom_color_1);--button_gradient_bottom_color_hover:var(--awb-custom_color_1);\" target=\"_blank\" rel=\"noopener noreferrer\" href=\"https:\/\/generation-e.ca\/wp-content\/uploads\/2022\/11\/Specialistes_du_marketing_numerique_plan_de_lecon.pdf\"><span class=\"fusion-button-text awb-button__text awb-button__text--default\">T\u00e9l\u00e9charger le plan de le\u00e7on<\/span><i class=\"fa-arrow-down fas awb-button__icon awb-button__icon--default button-icon-right\" aria-hidden=\"true\"><\/i><\/a><\/div><\/div><\/div><\/div><\/div><\/p>\n","protected":false},"excerpt":{"rendered":"","protected":false},"featured_media":1200,"menu_order":0,"template":"","resource_age_ranges":[32],"class_list":["post-1203","resources","type-resources","status-publish","has-post-thumbnail","hentry","resource_age_ranges-6-annee"],"yoast_head":"<!-- This site is optimized with the Yoast SEO plugin v27.3 - https:\/\/yoast.com\/product\/yoast-seo-wordpress\/ -->\n<title>Sp\u00e9cialistes du Marketing Eco-Energ\u00e9tique - Generation E<\/title>\n<meta name=\"robots\" content=\"index, follow, max-snippet:-1, max-image-preview:large, max-video-preview:-1\" \/>\n<link rel=\"canonical\" href=\"https:\/\/generation-e.ca\/fr\/ressources\/specialistes-du-marketing-eco-energetique\/\" \/>\n<meta property=\"og:locale\" content=\"fr_FR\" \/>\n<meta property=\"og:type\" content=\"article\" \/>\n<meta property=\"og:title\" content=\"Sp\u00e9cialistes du Marketing Eco-Energ\u00e9tique - Generation E\" \/>\n<meta property=\"og:url\" content=\"https:\/\/generation-e.ca\/fr\/ressources\/specialistes-du-marketing-eco-energetique\/\" \/>\n<meta property=\"og:site_name\" content=\"Generation E\" \/>\n<meta property=\"article:modified_time\" content=\"2026-01-27T03:01:51+00:00\" \/>\n<meta property=\"og:image\" content=\"https:\/\/generation-e.ca\/wp-content\/uploads\/2022\/11\/GenerationE-Brand-Icons_Energy-Marketers.png\" \/>\n\t<meta property=\"og:image:width\" content=\"629\" \/>\n\t<meta property=\"og:image:height\" content=\"595\" \/>\n\t<meta property=\"og:image:type\" content=\"image\/png\" \/>\n<meta name=\"twitter:card\" content=\"summary_large_image\" \/>\n<meta name=\"twitter:label1\" content=\"Dur\u00e9e de lecture estim\u00e9e\" \/>\n\t<meta name=\"twitter:data1\" content=\"1 minute\" \/>\n<script type=\"application\/ld+json\" class=\"yoast-schema-graph\">{\"@context\":\"https:\\\/\\\/schema.org\",\"@graph\":[{\"@type\":\"WebPage\",\"@id\":\"https:\\\/\\\/generation-e.ca\\\/fr\\\/ressources\\\/specialistes-du-marketing-eco-energetique\\\/\",\"url\":\"https:\\\/\\\/generation-e.ca\\\/fr\\\/ressources\\\/specialistes-du-marketing-eco-energetique\\\/\",\"name\":\"Sp\u00e9cialistes du Marketing Eco-Energ\u00e9tique - Generation E\",\"isPartOf\":{\"@id\":\"https:\\\/\\\/generation-e.ca\\\/fr\\\/#website\"},\"primaryImageOfPage\":{\"@id\":\"https:\\\/\\\/generation-e.ca\\\/fr\\\/ressources\\\/specialistes-du-marketing-eco-energetique\\\/#primaryimage\"},\"image\":{\"@id\":\"https:\\\/\\\/generation-e.ca\\\/fr\\\/ressources\\\/specialistes-du-marketing-eco-energetique\\\/#primaryimage\"},\"thumbnailUrl\":\"https:\\\/\\\/generation-e.ca\\\/wp-content\\\/uploads\\\/2022\\\/11\\\/GenerationE-Brand-Icons_Energy-Marketers.png\",\"datePublished\":\"2022-11-21T19:51:08+00:00\",\"dateModified\":\"2026-01-27T03:01:51+00:00\",\"inLanguage\":\"fr-FR\",\"potentialAction\":[{\"@type\":\"ReadAction\",\"target\":[\"https:\\\/\\\/generation-e.ca\\\/fr\\\/ressources\\\/specialistes-du-marketing-eco-energetique\\\/\"]}]},{\"@type\":\"ImageObject\",\"inLanguage\":\"fr-FR\",\"@id\":\"https:\\\/\\\/generation-e.ca\\\/fr\\\/ressources\\\/specialistes-du-marketing-eco-energetique\\\/#primaryimage\",\"url\":\"https:\\\/\\\/generation-e.ca\\\/wp-content\\\/uploads\\\/2022\\\/11\\\/GenerationE-Brand-Icons_Energy-Marketers.png\",\"contentUrl\":\"https:\\\/\\\/generation-e.ca\\\/wp-content\\\/uploads\\\/2022\\\/11\\\/GenerationE-Brand-Icons_Energy-Marketers.png\",\"width\":629,\"height\":595},{\"@type\":\"WebSite\",\"@id\":\"https:\\\/\\\/generation-e.ca\\\/fr\\\/#website\",\"url\":\"https:\\\/\\\/generation-e.ca\\\/fr\\\/\",\"name\":\"Generation E\",\"description\":\"Efficiency Manitoba\",\"potentialAction\":[{\"@type\":\"SearchAction\",\"target\":{\"@type\":\"EntryPoint\",\"urlTemplate\":\"https:\\\/\\\/generation-e.ca\\\/fr\\\/?s={search_term_string}\"},\"query-input\":{\"@type\":\"PropertyValueSpecification\",\"valueRequired\":true,\"valueName\":\"search_term_string\"}}],\"inLanguage\":\"fr-FR\"}]}<\/script>\n<!-- \/ Yoast SEO plugin. -->","yoast_head_json":{"title":"Sp\u00e9cialistes du Marketing Eco-Energ\u00e9tique - Generation E","robots":{"index":"index","follow":"follow","max-snippet":"max-snippet:-1","max-image-preview":"max-image-preview:large","max-video-preview":"max-video-preview:-1"},"canonical":"https:\/\/generation-e.ca\/fr\/ressources\/specialistes-du-marketing-eco-energetique\/","og_locale":"fr_FR","og_type":"article","og_title":"Sp\u00e9cialistes du Marketing Eco-Energ\u00e9tique - Generation E","og_url":"https:\/\/generation-e.ca\/fr\/ressources\/specialistes-du-marketing-eco-energetique\/","og_site_name":"Generation E","article_modified_time":"2026-01-27T03:01:51+00:00","og_image":[{"width":629,"height":595,"url":"https:\/\/generation-e.ca\/wp-content\/uploads\/2022\/11\/GenerationE-Brand-Icons_Energy-Marketers.png","type":"image\/png"}],"twitter_card":"summary_large_image","twitter_misc":{"Dur\u00e9e de lecture estim\u00e9e":"1 minute"},"schema":{"@context":"https:\/\/schema.org","@graph":[{"@type":"WebPage","@id":"https:\/\/generation-e.ca\/fr\/ressources\/specialistes-du-marketing-eco-energetique\/","url":"https:\/\/generation-e.ca\/fr\/ressources\/specialistes-du-marketing-eco-energetique\/","name":"Sp\u00e9cialistes du Marketing Eco-Energ\u00e9tique - Generation E","isPartOf":{"@id":"https:\/\/generation-e.ca\/fr\/#website"},"primaryImageOfPage":{"@id":"https:\/\/generation-e.ca\/fr\/ressources\/specialistes-du-marketing-eco-energetique\/#primaryimage"},"image":{"@id":"https:\/\/generation-e.ca\/fr\/ressources\/specialistes-du-marketing-eco-energetique\/#primaryimage"},"thumbnailUrl":"https:\/\/generation-e.ca\/wp-content\/uploads\/2022\/11\/GenerationE-Brand-Icons_Energy-Marketers.png","datePublished":"2022-11-21T19:51:08+00:00","dateModified":"2026-01-27T03:01:51+00:00","inLanguage":"fr-FR","potentialAction":[{"@type":"ReadAction","target":["https:\/\/generation-e.ca\/fr\/ressources\/specialistes-du-marketing-eco-energetique\/"]}]},{"@type":"ImageObject","inLanguage":"fr-FR","@id":"https:\/\/generation-e.ca\/fr\/ressources\/specialistes-du-marketing-eco-energetique\/#primaryimage","url":"https:\/\/generation-e.ca\/wp-content\/uploads\/2022\/11\/GenerationE-Brand-Icons_Energy-Marketers.png","contentUrl":"https:\/\/generation-e.ca\/wp-content\/uploads\/2022\/11\/GenerationE-Brand-Icons_Energy-Marketers.png","width":629,"height":595},{"@type":"WebSite","@id":"https:\/\/generation-e.ca\/fr\/#website","url":"https:\/\/generation-e.ca\/fr\/","name":"Generation E","description":"Efficiency Manitoba","potentialAction":[{"@type":"SearchAction","target":{"@type":"EntryPoint","urlTemplate":"https:\/\/generation-e.ca\/fr\/?s={search_term_string}"},"query-input":{"@type":"PropertyValueSpecification","valueRequired":true,"valueName":"search_term_string"}}],"inLanguage":"fr-FR"}]}},"_links":{"self":[{"href":"https:\/\/generation-e.ca\/fr\/wp-json\/wp\/v2\/resources\/1203","targetHints":{"allow":["GET"]}}],"collection":[{"href":"https:\/\/generation-e.ca\/fr\/wp-json\/wp\/v2\/resources"}],"about":[{"href":"https:\/\/generation-e.ca\/fr\/wp-json\/wp\/v2\/types\/resources"}],"wp:featuredmedia":[{"embeddable":true,"href":"https:\/\/generation-e.ca\/fr\/wp-json\/wp\/v2\/media\/1200"}],"wp:attachment":[{"href":"https:\/\/generation-e.ca\/fr\/wp-json\/wp\/v2\/media?parent=1203"}],"wp:term":[{"taxonomy":"resource_age_ranges","embeddable":true,"href":"https:\/\/generation-e.ca\/fr\/wp-json\/wp\/v2\/resource_age_ranges?post=1203"}],"curies":[{"name":"wp","href":"https:\/\/api.w.org\/{rel}","templated":true}]}}